{"id":26,"date":"2013-04-22T10:43:34","date_gmt":"2013-04-22T08:43:34","guid":{"rendered":"http:\/\/fkrwt.de\/cms\/?page_id=26"},"modified":"2022-02-01T16:41:15","modified_gmt":"2022-02-01T14:41:15","slug":"die-kita","status":"publish","type":"page","link":"http:\/\/fkrwt.de\/cms\/die-kita\/","title":{"rendered":"Die Kita"},"content":{"rendered":"<p><strong>Unsere Kindertageseinrichtung<\/strong><\/p>\n<p><a href=\"http:\/\/fkrwt.de\/cms\/wp-content\/uploads\/2018\/11\/f622d14e74083ad35d90c4e9d5fa3882.bmp\"><img loading=\"lazy\" decoding=\"async\" class=\" wp-image-1457 alignleft\" src=\"http:\/\/fkrwt.de\/cms\/wp-content\/uploads\/2018\/11\/f622d14e74083ad35d90c4e9d5fa3882.bmp\" alt=\"\" width=\"448\" height=\"211\" \/><\/a><\/p>\n<p>&nbsp;<\/p>\n<p>&nbsp;<\/p>\n<p>&nbsp;<\/p>\n<p>&nbsp;<\/p>\n<p>&nbsp;<\/p>\n<p><strong>Baubeginn:<\/strong> \u00a0\u00a0\u00a0\u00a0\u00a0\u00a0\u00a0\u00a0 Anfang August 2011<strong> \u00a0\u00a0\u00a0\u00a0\u00a0\u00a0\u00a0\u00a0\u00a0\u00a0\u00a0\u00a0\u00a0\u00a0\u00a0\u00a0\u00a0\u00a0\u00a0\u00a0\u00a0\u00a0\u00a0\u00a0\u00a0\u00a0\u00a0\u00a0\u00a0\u00a0\u00a0\u00a0\u00a0\u00a0\u00a0\u00a0\u00a0\u00a0\u00a0\u00a0\u00a0\u00a0\u00a0\u00a0\u00a0\u00a0\u00a0\u00a0\u00a0\u00a0\u00a0\u00a0\u00a0\u00a0\u00a0 <\/strong><\/p>\n<p><strong>Investor:\u00a0\u00a0\u00a0\u00a0\u00a0\u00a0\u00a0\u00a0\u00a0\u00a0\u00a0 <\/strong>Firma Nusser<\/p>\n<p><a href=\"http:\/\/fkrwt.de\/cms\/wp-content\/uploads\/2018\/11\/kita.pdf-Adobe-Reader.bmp\"><img loading=\"lazy\" decoding=\"async\" class=\"alignnone  wp-image-1458\" src=\"http:\/\/fkrwt.de\/cms\/wp-content\/uploads\/2018\/11\/kita.pdf-Adobe-Reader.bmp\" alt=\"\" width=\"316\" height=\"182\" \/><\/a><\/p>\n<p><strong>Richtfest: <\/strong>20. Oktober 2011<strong>\u00a0\u00a0\u00a0\u00a0\u00a0\u00a0\u00a0\u00a0\u00a0\u00a0\u00a0\u00a0\u00a0\u00a0\u00a0\u00a0\u00a0\u00a0\u00a0\u00a0\u00a0\u00a0\u00a0\u00a0\u00a0\u00a0\u00a0\u00a0\u00a0\u00a0\u00a0\u00a0\u00a0\u00a0\u00a0\u00a0\u00a0\u00a0\u00a0\u00a0\u00a0\u00a0 <\/strong><\/p>\n<p><strong>Einzug:\u00a0\u00a0\u00a0\u00a0 <\/strong>27.Februar 2012<\/p>\n<p>&nbsp;<\/p>\n<p><strong>Wo finden Sie uns? <\/strong><\/p>\n<p>Die Kindertageseinrichtung Ravensbergerweg liegt in Troisdorf Zentrum, in unmittelbarer N\u00e4he des Rathauses.<\/p>\n<p>Das Zentrum verf\u00fcgt \u00fcber eine gute Infrastruktur, d.h. Gesch\u00e4fte, Banken, \u00c4rzte, Schulen, Park- und Spielfl\u00e4chen, Verkehrsanbindungen etc. sind ausreichend vorhanden.<\/p>\n<p>Die Kindertageseinrichtung liegt zentral. Somit sind kleine Ausfl\u00fcge mit den Kindern in den Wald, in die Innenstadt oder zu den umliegenden Spielpl\u00e4tzen sind gut m\u00f6glich.<\/p>\n<p><a href=\"http:\/\/fkrwt.de\/cms\/wp-content\/uploads\/2018\/11\/Lageplan.bmp\"><img loading=\"lazy\" decoding=\"async\" class=\"alignnone  wp-image-1459\" src=\"http:\/\/fkrwt.de\/cms\/wp-content\/uploads\/2018\/11\/Lageplan.bmp\" alt=\"\" width=\"288\" height=\"244\" \/><\/a><\/p>\n<p>Unsere Kindertageseinrichtung wurde im Februar 2012 bezugsfertig.<\/p>\n<p>Mit der gesamten Einrichtung bewegen wir uns auf ca. 1200qm.<\/p>\n<p>Auf dieser Fl\u00e4che befinden sich 4 gro\u00dfz\u00fcgige, Licht durchflutet und Alters entsprechend eingerichtete Gruppenr\u00e4ume, mit Nebenr\u00e4umen, Waschr\u00e4umen, Schlafr\u00e4ume f\u00fcr die U3 Kinder, sowie Haushalts- und Wirtschaftsr\u00e4ume.<\/p>\n<p>Im Obergeschoss bietet ein Bewegungsraum mit Abstellraum f\u00fcr die Bewegungsger\u00e4te Platz f\u00fcr freie und geleitete Bewegungsangebote.<\/p>\n<p>Ein zus\u00e4tzlicher Raum wird f\u00fcr Kleingruppen von Kindern zur Sprachf\u00f6rderung, musikalischer Fr\u00fcherziehung oder zum geleiteten Spielen genutzt.<\/p>\n<p>Der gro\u00dfz\u00fcgige Eingangsbereich ist ein Treffpunkt f\u00fcr die Eltern und eine Spiel- und Bewegungsfl\u00e4che f\u00fcr die Kinder im Rahmen des Freispiels.<\/p>\n","protected":false},"excerpt":{"rendered":"<p>Unsere Kindertageseinrichtung &nbsp; &nbsp; &nbsp; &nbsp; &nbsp; Baubeginn: \u00a0\u00a0\u00a0\u00a0\u00a0\u00a0\u00a0\u00a0 Anfang August 2011 \u00a0\u00a0\u00a0\u00a0\u00a0\u00a0\u00a0\u00a0\u00a0\u00a0\u00a0\u00a0\u00a0\u00a0\u00a0\u00a0\u00a0\u00a0\u00a0\u00a0\u00a0\u00a0\u00a0\u00a0\u00a0\u00a0\u00a0\u00a0\u00a0\u00a0\u00a0\u00a0\u00a0\u00a0\u00a0\u00a0\u00a0\u00a0\u00a0\u00a0\u00a0\u00a0\u00a0\u00a0\u00a0\u00a0\u00a0\u00a0\u00a0\u00a0\u00a0\u00a0\u00a0\u00a0\u00a0 Investor:\u00a0\u00a0\u00a0\u00a0\u00a0\u00a0\u00a0\u00a0\u00a0\u00a0\u00a0 Firma Nusser Richtfest: 20. Oktober 2011\u00a0\u00a0\u00a0\u00a0\u00a0\u00a0\u00a0\u00a0\u00a0\u00a0\u00a0\u00a0\u00a0\u00a0\u00a0\u00a0\u00a0\u00a0\u00a0\u00a0\u00a0\u00a0\u00a0\u00a0\u00a0\u00a0\u00a0\u00a0\u00a0\u00a0\u00a0\u00a0\u00a0\u00a0\u00a0\u00a0\u00a0\u00a0\u00a0\u00a0\u00a0\u00a0 Einzug:\u00a0\u00a0\u00a0\u00a0 27.Februar 2012 &nbsp; Wo finden Sie uns? Die Kindertageseinrichtung Ravensbergerweg liegt in Troisdorf Zentrum, in unmittelbarer N\u00e4he des Rathauses. Das Zentrum verf\u00fcgt \u00fcber eine gute Infrastruktur, d.h. Gesch\u00e4fte, Banken, \u00c4rzte, Schulen, Park- und Spielfl\u00e4chen, Verkehrsanbindungen etc. sind ausreichend vorhanden. Die Kindertageseinrichtung liegt zentral. Somit sind kleine Ausfl\u00fcge mit den Kindern in den Wald, in die Innenstadt oder zu den umliegenden Spielpl\u00e4tzen sind gut m\u00f6glich. Unsere Kindertageseinrichtung wurde im Februar 2012 bezugsfertig. Mit der gesamten Einrichtung bewegen wir uns auf ca. 1200qm. Auf dieser Fl\u00e4che befinden sich 4 gro\u00dfz\u00fcgige, Licht [&hellip;]<\/p>\n","protected":false},"author":5,"featured_media":0,"parent":0,"menu_order":0,"comment_status":"closed","ping_status":"closed","template":"","meta":{"footnotes":""},"_links":{"self":[{"href":"http:\/\/fkrwt.de\/cms\/wp-json\/wp\/v2\/pages\/26"}],"collection":[{"href":"http:\/\/fkrwt.de\/cms\/wp-json\/wp\/v2\/pages"}],"about":[{"href":"http:\/\/fkrwt.de\/cms\/wp-json\/wp\/v2\/types\/page"}],"author":[{"embeddable":true,"href":"http:\/\/fkrwt.de\/cms\/wp-json\/wp\/v2\/users\/5"}],"replies":[{"embeddable":true,"href":"http:\/\/fkrwt.de\/cms\/wp-json\/wp\/v2\/comments?post=26"}],"version-history":[{"count":13,"href":"http:\/\/fkrwt.de\/cms\/wp-json\/wp\/v2\/pages\/26\/revisions"}],"predecessor-version":[{"id":1460,"href":"http:\/\/fkrwt.de\/cms\/wp-json\/wp\/v2\/pages\/26\/revisions\/1460"}],"wp:attachment":[{"href":"http:\/\/fkrwt.de\/cms\/wp-json\/wp\/v2\/media?parent=26"}],"curies":[{"name":"wp","href":"https:\/\/api.w.org\/{rel}","templated":true}]}}