{"id":1504,"date":"2019-01-13T17:45:56","date_gmt":"2019-01-13T15:45:56","guid":{"rendered":"http:\/\/fkrwt.de\/cms\/?page_id=1504"},"modified":"2019-01-13T17:52:18","modified_gmt":"2019-01-13T15:52:18","slug":"bewegung","status":"publish","type":"page","link":"https:\/\/fkrwt.de\/cms\/die-kita\/schwerpunkte-unserer-arbeit\/bewegung\/","title":{"rendered":"Bewegung"},"content":{"rendered":"<h2>Zertifizierung durch den Landessportbund NRW im Mai 2009<\/h2>\n<h2><span style=\"color: #ff6600;\"><strong><em>\u00dcberall bewegt sich nur der ganze Mensch!<\/em><\/strong><\/span><\/h2>\n<p>Bewegung ist f\u00fcr Kinder ein elementares Bed\u00fcrfnis und von au\u00dferordentlicher Wichtigkeit. Lernen im fr\u00fchen Kindesalter ist in erster Linie Lernen \u00fcber Wahrnehmung und Bewegung.<\/p>\n<p>Wenn wir Kindern die M\u00f6glichkeiten nehmen sich zu bewegen, nehmen wir ihnen die M\u00f6glichkeiten sich ganzheitlich zu entwickeln.<\/p>\n<p>&nbsp;<\/p>\n<p>Die Inhalte orientieren sich weniger am Sport, sondern vielmehr an der Psychomotorik.<\/p>\n<p>Es werden m\u00f6glichst viele Gelegenheiten zur K\u00f6rper-, Material- und Sozialerfahrung angeboten. Es werden altersgemischte Gruppen zur F\u00f6rderung gegenseitiger R\u00fccksichtsnahme und zu Lernen voneinander gebildet. T\u00e4glich gibt es Bewegungszeiten die offen und situativ aber auch geplant und angeleitet sein k\u00f6nnen. Sie werden sowohl drinnen als auch drau\u00dfen, sowohl gruppenintern als auch gruppen\u00fcbergreifend durchgef\u00fchrt.<\/p>\n<p>Die Inhalte der Bewegungserziehung werden soweit wie m\u00f6glich mit Themen und Ereignissen aus der Lebenswelt der Kinder verkn\u00fcpft. Ereignisse, die im Gruppengeschehen eine Rolle spielen, werden bei den Bewegungsangeboten wieder aufgegriffen.<\/p>\n<p>Die Einrichtung verf\u00fcgt \u00fcber eine Turnhalle, Bewegungsr\u00e4ume, Flure und Gruppenr\u00e4ume in denen ganzheitliche Entwicklung durch Bewegung m\u00f6glich ist. Des Weiteren werden in diesen R\u00e4umlichkeiten angeleitete und gezielte Angebote durchgef\u00fchrt.<\/p>\n<p>Es besteht f\u00fcr jede Gruppe ein fester Wochentag, an dem Sie in den Wald gehen und die Turnhalle nutzen. Gruppen\u00fcbergreifend werden gemeinsame Angebote geschaffen, wie zum Beispiel Bewegungsbaustellen, Kreisspiele und Aktionen auf dem Au\u00dfengel\u00e4nde. Hierbei k\u00f6nnen sich die Kinder, immer wieder, partizipatorisch beteiligen und ihre eigenen Ideen und w\u00fcnsche einbringen.<\/p>\n<p>\u00dcber die vergangenen Angebote k\u00f6nnen sich die Eltern regelm\u00e4\u00dfig in unserem Monatsr\u00fcckblick informieren.<\/p>\n<p>F\u00fcr die Anschaffung, den Aufbau und die Pflege des Materials, ist das Personal zust\u00e4ndig.<\/p>\n<p>In regelm\u00e4\u00dfigen Abst\u00e4nden werden den Mitarbeitern Fortbildungen angeboten.<\/p>\n<p>Es gibt einzelne, sowie auch aufeinander aufbauende Fortbildungen.<\/p>\n<p>Die Kindertageseinrichtung arbeitet in Kooperation mit dem Troisdorfer Turnverein zusammen.<\/p>\n<p>&nbsp;<\/p>\n","protected":false},"excerpt":{"rendered":"<p>Zertifizierung durch den Landessportbund NRW im Mai 2009 \u00dcberall bewegt sich nur der ganze Mensch! Bewegung ist f\u00fcr Kinder ein elementares Bed\u00fcrfnis und von au\u00dferordentlicher Wichtigkeit. Lernen im fr\u00fchen Kindesalter ist in erster Linie Lernen \u00fcber Wahrnehmung und Bewegung. Wenn wir Kindern die M\u00f6glichkeiten nehmen sich zu bewegen, nehmen wir ihnen die M\u00f6glichkeiten sich ganzheitlich zu entwickeln. &nbsp; Die Inhalte orientieren sich weniger am Sport, sondern vielmehr an der Psychomotorik. Es werden m\u00f6glichst viele Gelegenheiten zur K\u00f6rper-, Material- und Sozialerfahrung angeboten. Es werden altersgemischte Gruppen zur F\u00f6rderung gegenseitiger R\u00fccksichtsnahme und zu Lernen voneinander gebildet. T\u00e4glich gibt es Bewegungszeiten die offen und situativ aber auch geplant und angeleitet sein k\u00f6nnen. Sie [&hellip;]<\/p>\n","protected":false},"author":5,"featured_media":0,"parent":1502,"menu_order":0,"comment_status":"closed","ping_status":"closed","template":"","meta":{"footnotes":""},"_links":{"self":[{"href":"https:\/\/fkrwt.de\/cms\/wp-json\/wp\/v2\/pages\/1504"}],"collection":[{"href":"https:\/\/fkrwt.de\/cms\/wp-json\/wp\/v2\/pages"}],"about":[{"href":"https:\/\/fkrwt.de\/cms\/wp-json\/wp\/v2\/types\/page"}],"author":[{"embeddable":true,"href":"https:\/\/fkrwt.de\/cms\/wp-json\/wp\/v2\/users\/5"}],"replies":[{"embeddable":true,"href":"https:\/\/fkrwt.de\/cms\/wp-json\/wp\/v2\/comments?post=1504"}],"version-history":[{"count":6,"href":"https:\/\/fkrwt.de\/cms\/wp-json\/wp\/v2\/pages\/1504\/revisions"}],"predecessor-version":[{"id":1516,"href":"https:\/\/fkrwt.de\/cms\/wp-json\/wp\/v2\/pages\/1504\/revisions\/1516"}],"up":[{"embeddable":true,"href":"https:\/\/fkrwt.de\/cms\/wp-json\/wp\/v2\/pages\/1502"}],"wp:attachment":[{"href":"https:\/\/fkrwt.de\/cms\/wp-json\/wp\/v2\/media?parent=1504"}],"curies":[{"name":"wp","href":"https:\/\/api.w.org\/{rel}","templated":true}]}}