{"id":24,"date":"2013-04-22T10:43:21","date_gmt":"2013-04-22T08:43:21","guid":{"rendered":"http:\/\/fkrwt.de\/cms\/?page_id=24"},"modified":"2022-02-01T16:41:15","modified_gmt":"2022-02-01T14:41:15","slug":"projekte","status":"publish","type":"page","link":"https:\/\/fkrwt.de\/cms\/der-forderverein\/projekte\/","title":{"rendered":"Projekte"},"content":{"rendered":"<p><strong>Geplante Projekte:<\/strong><\/p>\n<p>Folgende Projekte werden zur Zeit von uns geplant:<\/p>\n<ul>\n<li>Tanztrainer f\u00fcr die Kinder<\/li>\n<li>Ausrichtung eines Basars<\/li>\n<li>Vordach f\u00fcr den Eingangsbereich der Kita<\/li>\n<li>Sitzgruppe f\u00fcr die Terrasse des roten Dreiecks<\/li>\n<li>Bobbycars f\u00fcr den Au\u00dfenbereich<\/li>\n<li>&#8222;Wo kommt unser Essen her?&#8220; &#8211; Anlegen von Gem\u00fcsebeeten auf der Dachterrasse der Kita<\/li>\n<\/ul>\n<p>Wir freuen uns \u00fcber jede tatkr\u00e4ftige und finanzielle Unterst\u00fctzung, damit wir diese Projekte schon bald realisieren k\u00f6nnen.<\/p>\n<p><strong><br \/>\nRealisierte Projekte:<\/strong><\/p>\n<p>Folgende Projekte konnte der F\u00f6rderverein bereits realisieren:<\/p>\n<ul>\n<li>Nikolausgeschenke f\u00fcr die Gruppen 2013<\/li>\n<li>Kapelle f\u00fcr den Sankt Marktinszug 2013<\/li>\n<li>&#8222;neuer&#8220; Kinderwagen f\u00fcr die U3 Gruppen<\/li>\n<li>1000 Holzbausteine f\u00fcr die Kita<\/li>\n<li>Pustefix-Seifenblasenstand\u00a0sowie Tombola f\u00fcr das <a title=\"Sommerfest 2013\" href=\"http:\/\/fkrwt.de\/cms\/sommerfest-2013\/\">Sommerfest <\/a>am 29.06.2013<\/li>\n<li>Zwei gro\u00dfe Sonnenschirme f\u00fcr den Au\u00dfenbereich<\/li>\n<li>Vier Planschbecken<\/li>\n<li>Vier neue <a title=\"Vier neue Dreir\u00e4dchen f\u00fcr den Kindergarten-Fuhrpark\" href=\"http:\/\/fkrwt.de\/cms\/der-erste-beitrag\/\">Dreir\u00e4dchen<\/a> f\u00fcr den Kindergarten-Fuhrpark<\/li>\n<\/ul>\n","protected":false},"excerpt":{"rendered":"<p>Geplante Projekte: Folgende Projekte werden zur Zeit von uns geplant: Tanztrainer f\u00fcr die Kinder Ausrichtung eines Basars Vordach f\u00fcr den Eingangsbereich der Kita Sitzgruppe f\u00fcr die Terrasse des roten Dreiecks Bobbycars f\u00fcr den Au\u00dfenbereich &#8222;Wo kommt unser Essen her?&#8220; &#8211; Anlegen von Gem\u00fcsebeeten auf der Dachterrasse der Kita Wir freuen uns \u00fcber jede tatkr\u00e4ftige und finanzielle Unterst\u00fctzung, damit wir diese Projekte schon bald realisieren k\u00f6nnen. Realisierte Projekte: Folgende Projekte konnte der F\u00f6rderverein bereits realisieren: Nikolausgeschenke f\u00fcr die Gruppen 2013 Kapelle f\u00fcr den Sankt Marktinszug 2013 &#8222;neuer&#8220; Kinderwagen f\u00fcr die U3 Gruppen 1000 Holzbausteine f\u00fcr die Kita Pustefix-Seifenblasenstand\u00a0sowie Tombola f\u00fcr das Sommerfest am 29.06.2013 Zwei gro\u00dfe Sonnenschirme f\u00fcr den Au\u00dfenbereich Vier [&hellip;]<\/p>\n","protected":false},"author":5,"featured_media":0,"parent":9,"menu_order":40,"comment_status":"closed","ping_status":"closed","template":"","meta":{"footnotes":""},"_links":{"self":[{"href":"https:\/\/fkrwt.de\/cms\/wp-json\/wp\/v2\/pages\/24"}],"collection":[{"href":"https:\/\/fkrwt.de\/cms\/wp-json\/wp\/v2\/pages"}],"about":[{"href":"https:\/\/fkrwt.de\/cms\/wp-json\/wp\/v2\/types\/page"}],"author":[{"embeddable":true,"href":"https:\/\/fkrwt.de\/cms\/wp-json\/wp\/v2\/users\/5"}],"replies":[{"embeddable":true,"href":"https:\/\/fkrwt.de\/cms\/wp-json\/wp\/v2\/comments?post=24"}],"version-history":[{"count":12,"href":"https:\/\/fkrwt.de\/cms\/wp-json\/wp\/v2\/pages\/24\/revisions"}],"predecessor-version":[{"id":779,"href":"https:\/\/fkrwt.de\/cms\/wp-json\/wp\/v2\/pages\/24\/revisions\/779"}],"up":[{"embeddable":true,"href":"https:\/\/fkrwt.de\/cms\/wp-json\/wp\/v2\/pages\/9"}],"wp:attachment":[{"href":"https:\/\/fkrwt.de\/cms\/wp-json\/wp\/v2\/media?parent=24"}],"curies":[{"name":"wp","href":"https:\/\/api.w.org\/{rel}","templated":true}]}}